{"id":43892,"date":"2022-08-05T06:41:57","date_gmt":"2022-08-05T04:41:57","guid":{"rendered":"https:\/\/www.safeshops.be\/?page_id=43892"},"modified":"2026-03-26T09:58:08","modified_gmt":"2026-03-26T08:58:08","slug":"vie-privee","status":"publish","type":"page","link":"https:\/\/becom.digital\/fr\/vie-privee\/","title":{"rendered":"Politique de Protection de la Vie Priv\u00e9e"},"content":{"rendered":"<div class=\"wpb-content-wrapper\"><p>[vc_row][vc_column width=&#8221;1\/1&#8243;]<div class=\"spacer\" style=\"height: 40px;\"><\/div>[vc_column_text]<\/p>\n<h1 class=\"Title_title__text__FOkfw\" style=\"text-align: center;\"><strong>Politique de Protection de la Vie Priv\u00e9e<\/strong><\/h1>\n<p style=\"text-align: center;\">Version 20\/10\/2023<\/p>\n<p>[\/vc_column_text]<div class=\"spacer\" style=\"height: 40px;\"><\/div>[\/vc_column][\/vc_row][vc_row][vc_column width=&#8221;1\/1&#8243;][vc_column_text]<\/p>\n<h3>1. G\u00e9n\u00e9ralit\u00e9s<\/h3>\n<p>[\/vc_column_text][\/vc_column][\/vc_row][vc_row][vc_column width=&#8221;1\/1&#8243;][vc_column_text]<\/p>\n<p style=\"font-weight: 400;\">Ce document d\u00e9crit comment le responsable du traitement des donn\u00e9es personnelles, asbl Becommerce\u00a0 , ayant son si\u00e8ge social rue du Marquis 1, 1000 Bruxelles, n\u00b0 d\u2019entreprise BE0894.199.943, traite vos donn\u00e9es \u00e0 caract\u00e8re personnel. (ci-apr\u00e8s \u2018Becom\u2019)<\/p>\n<p style=\"font-weight: 400;\">Lisez attentivement ces r\u00e8gles de protection de la vie priv\u00e9e, celles-ci pr\u00e9sentent les principales informations concernant la mani\u00e8re dans laquelle vos donn\u00e9es personnelles sont trait\u00e9es et les types de cookies utilis\u00e9s. Communication de vos donn\u00e9es personnelles sur le site web (www.becom.digital ou www.thedays.be (ecowednesday\/localday) ou le shop Becom ou sur les adresses e-mail indiqu\u00e9 sur ce site impliquent automatiquement la prise de connaissance et l\u2019acceptation express de ces r\u00e8gles de protection de la vie priv\u00e9e, ainsi qu\u2019avec le traitement lui-m\u00eame.<\/p>\n<p style=\"font-weight: 400;\">Becom respecte et prot\u00e8ge votre vie priv\u00e9e. Ses fichiers sont d\u00e9clar\u00e9s \u00e0 la Commission pour la Protection de la Vie Priv\u00e9e. La pr\u00e9sente police \u00ab vie priv\u00e9e \u00bb expose comment Becom collecte et utilise vos donn\u00e9es. Elle vous informe, en outre, du proc\u00e9d\u00e9 \u00e0 suivre si vous souhaitez v\u00e9rifier quelles sont les donn\u00e9es que nous avons enregistr\u00e9es \u00e0 votre sujet et comment demander \u00e0 les corriger ou m\u00eame les supprimer de notre fichier. Becom vous remercie de la confiance que vous lui accordez.<\/p>\n<p style=\"font-weight: 400;\">Becom applique \u2018la loi du 8 D\u00e9cembre 1992 relative \u00e0 la protection de la vie priv\u00e9e \u00e0 l\u2019\u00e9gard des traitements de donn\u00e9es \u00e0 caract\u00e8re personnel\u2019, comme adapt\u00e9e par la loi de 11 D\u00e9cembre 1198 et \u2018la loi de 13 Juin 2005 relative aux communications \u00e9lectroniques\u2019.<\/p>\n<p style=\"font-weight: 400;\">Becom se mets en conformit\u00e9 avec le courant R\u00e8glement Europ\u00e9en 2016\/679 du 27 Avril 2016 concernant la protection des donn\u00e9es \u00e0 caract\u00e8re personnelles.<\/p>\n<p style=\"font-weight: 400;\">Le responsable du traitement de vos donn\u00e9es \u00e0 caract\u00e8re personnel est Becom. Une d\u00e9claration a \u00e9t\u00e9 faite par la Commission de la protection de la vie priv\u00e9e concernant le traitement de vos donn\u00e9es personnelles.<\/p>\n<p>[\/vc_column_text][\/vc_column][\/vc_row][vc_row][vc_column width=&#8221;1\/1&#8243;]<div class=\"spacer\" style=\"height: 40px;\"><\/div>[\/vc_column][\/vc_row][vc_row][vc_column width=&#8221;1\/1&#8243;][vc_column_text]<\/p>\n<h3>2. Les donn\u00e9es collect\u00e9es par Becom<\/h3>\n<p>[\/vc_column_text][\/vc_column][\/vc_row][vc_row][vc_column width=&#8221;1\/1&#8243;][vc_column_text]<\/p>\n<p style=\"font-weight: 400;\">Becom enregistre les donn\u00e9es de ses membres, de ses prospects ainsi que des<br \/>\nconsommateurs qui introduisent une plainte au Comit\u00e9 de Surveillance. Il s\u2019agit en g\u00e9n\u00e9ral de :<\/p>\n<ul>\n<li>Cat\u00e9gorie 1: sans registration: votre adresse IP<\/li>\n<li>Cat\u00e9gorie 2: votre nom du profil, mot de passe, adresse e-mail, donn\u00e9es du login et votre adresse, le nom de votre soci\u00e9t\u00e9, votre n\u00b0 de t\u00e9l\u00e9phone<\/li>\n<li>Cat\u00e9gorie 3: lors de l\u2019enregistrement: lors inscription sur notre lettre d\u2019information: votre adresse e-mail, votre nom et pr\u00e9nom, \u00e9ventuellement le nom de votre soci\u00e9t\u00e9, secteur d\u2019activit\u00e9;<\/li>\n<li>Cat\u00e9gorie 4: via cookies: pr\u00e9f\u00e9rence linguistique;<\/li>\n<li>Cat\u00e9gorie 5: vos coordonn\u00e9es (votre adresse et n\u00b0 TVA) \u00e0 la suite de passer une<\/li>\n<\/ul>\n<p style=\"font-weight: 400;\">Nous enregistrons \u00e9galement des informations sur la soci\u00e9t\u00e9 aupr\u00e8s de laquelle travaillent nos membres et\/ou prospects (ex : n\u00b0 TVA, secteur d\u2019activit\u00e9,\u2026).<\/p>\n<p style=\"font-weight: 400;\">Becom peut collect\u00e9 vos donn\u00e9es personnelles de diff\u00e9rentes fa\u00e7ons:<\/p>\n<ol>\n<li>par utilisation de cookies (voir ci-apr\u00e8s);<\/li>\n<li>pendant votre registration et utilisation du site (e.a. s \/www.Becom.digital, <a href=\"http:\/\/www.thedays.be\/\">thedays.be<\/a>, <a href=\"http:\/\/www.ecowednesday.be\/\">www.ecowednesday.be<\/a>, <a href=\"http:\/\/www.localday.be\/\">www.localday.be<\/a> \u2026)<\/li>\n<li>par la d\u00e9livrance de carte de visite ou un autre enregistrement \u00e0 une convention ou un contact personnel.<\/li>\n<\/ol>\n<p style=\"font-weight: 400;\">Le site web peut utiliser des cookies qui collectent des certaines donn\u00e9es personnelles. Pour plus d\u2019information sur l\u2019utilisation des cookies, voir ci-apr\u00e8s article 8.<\/p>\n<p>[\/vc_column_text][\/vc_column][\/vc_row][vc_row][vc_column width=&#8221;1\/1&#8243;]<div class=\"spacer\" style=\"height: 40px;\"><\/div>[\/vc_column][\/vc_row][vc_row][vc_column width=&#8221;1\/1&#8243;][vc_column_text]<\/p>\n<h3>3. Fins d\u2019utilisation du traitement<\/h3>\n<p>[\/vc_column_text][\/vc_column][\/vc_row][vc_row][vc_column width=&#8221;1\/1&#8243;][vc_column_text]<\/p>\n<p style=\"font-weight: 400;\"><strong>3.1 Objectifs g\u00e9n\u00e9raux:<\/strong><\/p>\n<p style=\"font-weight: 400;\">Becom soit utilis\u00e9s vos donn\u00e9es personnelles exclusivement aux fins suivent:<\/p>\n<ul>\n<li>Cat\u00e9gorie 1: le maintenance et d\u00e9veloppement du site web et l\u2019inclusion des donn\u00e9es personnelles dans des statistiques anonymes, dont des certaines individus ou entreprises puissent pas \u00eatre identifi\u00e9es, et avec comme base juridique les int\u00e9r\u00eats l\u00e9gitimes du Becom pour am\u00e9liorer la site web et la service;<\/li>\n<li>Cat\u00e9gorie 2: la gestion de votre compte sur ce site web en vue d\u2019utilisation de notre webshop et site web et avec comme base juridique l\u2019ex\u00e9cution d\u2019un contrat, demand\u00e9 par vous et, si indiquez par vous, aussi l\u2019envoyer du marketing direct, avec comme base juridique votre consentement express et pr\u00e9alable;<\/li>\n<li>Cat\u00e9gorie 3: vous envoyer du marketing direct, des lettres d\u2019informations, des actions et promotion, avec comme base juridique votre consentement express et pr\u00e9alable;<\/li>\n<li>Cat\u00e9gorie 4: l\u2019usage des cookies, avec comme base juridique votre consentement express et pr\u00e9alable;<\/li>\n<li>Cat\u00e9gorie 5: la livraison et facturation des produits command\u00e9s (Becom Trustmark, legal badge, Security badge,\u2026), avec comme base juridique l\u2019ex\u00e9cution d\u2019une service demand\u00e9 par vous.<\/li>\n<\/ul>\n<p style=\"font-weight: 400;\">Vous n\u2019\u00eates pas oblig\u00e9 de communiquer vos donn\u00e9es personnelles, en comprendre que l\u2019ex\u00e9cution des certaines services seraient impossible si vous avez refus\u00e9 le traitement des donn\u00e9es.<\/p>\n<p style=\"font-weight: 400;\"><strong>3.2. Marketing direct\u00a0<\/strong><\/p>\n<p style=\"font-weight: 400;\">Les donn\u00e9es personnelles seront aussi utilis\u00e9es pour des fins du marketing direct, \u00e0 condition que vous avez donn\u00e9 votre consentement suppl\u00e9mentaire et express (\u00ab opt-in \u00bb).<\/p>\n<p style=\"font-weight: 400;\">Becom peut utiliser et vous envoyer du marketing et autres mat\u00e9riaux concernant le Becom, ses produits et\/ou services, si vous \u00eates d\u00e9j\u00e0 inclus dans notre liste d\u2019envoi pour recevoir du marketing en forme papier ou \u00e9lectronique.<\/p>\n<p style=\"font-weight: 400;\">Becom peut utiliser les donn\u00e9es personnelles collect\u00e9es pour actualiser les documents conserv\u00e9s par Becom.<\/p>\n<p style=\"font-weight: 400;\">La base juridique de ce traitement est votre consentement. Ce consentement peut \u00eatre retir\u00e9 \u00e0 tout moment sans raison et gratuitement, par exemple en cliquant sur le lien de d\u00e9sinscription en bas de chaque e-mail promotionnel.<\/p>\n<p style=\"font-weight: 400;\"><strong>3.3 Communication aux tiers\u00a0<\/strong><\/p>\n<p style=\"font-weight: 400;\">Dans la restructuration enti\u00e8re ou partielle ou le transfert des activit\u00e9s du Becom, o\u00f9 elle restructure, transfert ou cesse ses activit\u00e9s commerciales, ou si Becom faire faillite, il sera possible que vos donn\u00e9es sont transf\u00e9r\u00e9es aux nouveaux entit\u00e9s ou tiers au moyen de quelles les activit\u00e9s commerciales du Becom seront ex\u00e9cut\u00e9.<\/p>\n<p style=\"font-weight: 400;\">Becom essaiera raisonnablement de vous informer en avance du fait que Becom transfert vos donn\u00e9es aux tiers pr\u00e9cit\u00e9, mais vous reconnaissez que \u00e7a ne sera pas possible dans certaines circonstances, soit techniquement, soit commerciales.<\/p>\n<p style=\"font-weight: 400;\">Becom ne vendra, ni louera, ni partagera ou autrement mettra en disposition aux tiers vos donn\u00e9es personnelles, sauf dans les cas d\u00e9crit ci-dessus ou si vous avez donn\u00e9 votre consentement pr\u00e9alable.<\/p>\n<p style=\"font-weight: 400;\"><strong>3.4 Exigences l\u00e9gales<\/strong><\/p>\n<p style=\"font-weight: 400;\">Dans de rares cas \u00e7a peut arriver que Becom doit communiquer vos donn\u00e9es personnelles conform\u00e9ment une ordonnance du tribunal ou autre l\u00e9gislation contraignante. Becom essaiera raisonnablement de vous informer en avance, sauf si des restrictions l\u00e9gales l\u2019emp\u00eachent.<\/p>\n<p>[\/vc_column_text][\/vc_column][\/vc_row][vc_row][vc_column width=&#8221;1\/1&#8243;]<div class=\"spacer\" style=\"height: 40px;\"><\/div>[\/vc_column][\/vc_row][vc_row][vc_column width=&#8221;1\/1&#8243;][vc_column_text]<\/p>\n<h3>4. Dur\u00e9e de conservation des donn\u00e9es<\/h3>\n<p>[\/vc_column_text][\/vc_column][\/vc_row][vc_row][vc_column width=&#8221;1\/1&#8243;][vc_column_text]<\/p>\n<p style=\"font-weight: 400;\">Toutes les donn\u00e9es personnelles sont conserv\u00e9es pour toute la p\u00e9riode n\u00e9cessaire pour atteindre les objectifs d\u00e9crits ci-dessus et en fonction de la relation contractuelle entre Becom et vous.<\/p>\n<p style=\"font-weight: 400;\">Pour les consommateurs qui s\u2019inscrivent aux the days, la periode se prolonge tant que les days existent? C\u2019est possible de vous d\u00e9sinscrire \u00e0 tout moment via info@becom.digital<\/p>\n<p style=\"font-weight: 400;\">Les donn\u00e9es \u00e0 des fins de marketing direct sont actuellement toujours collect\u00e9es moyennant opt-in. Si vous ne souhaitez plus communiquer avec Becom dans cette optique, vous pouvez vous faire supprimer de notre base de donn\u00e9es. (voir ci-dessous).<\/p>\n<p>[\/vc_column_text][\/vc_column][\/vc_row][vc_row][vc_column width=&#8221;1\/1&#8243;]<div class=\"spacer\" style=\"height: 40px;\"><\/div>[\/vc_column][\/vc_row][vc_row][vc_column width=&#8221;1\/1&#8243;][vc_column_text]<\/p>\n<h3>5. Vos droits<\/h3>\n<p>[\/vc_column_text][\/vc_column][\/vc_row][vc_row][vc_column width=&#8221;1\/1&#8243;][vc_column_text]<\/p>\n<p style=\"font-weight: 400;\"><strong>5.1 Droit d\u2019acc\u00e8s et rectification des donn\u00e9es\u00a0<\/strong><\/p>\n<p style=\"font-weight: 400;\">Vous avez le droit de consulter gratuitement vos donn\u00e9es personnelles \u00e0 tout moment, ainsi que l\u2019utilisation de ces donn\u00e9es.<\/p>\n<p style=\"font-weight: 400;\"><strong>5.2 Droit de correction, effacement et limitation<\/strong><\/p>\n<p style=\"font-weight: 400;\">Vous \u00eates enti\u00e8rement libre de ne pas communiquer vos donn\u00e9es personnelles \u00e0 Becom. En outre vous avez toujours le droit de nous demander de renforcer, compl\u00e9ter ou effacer vos donn\u00e9es personnelles. Vous devez cependant savoir que certains services pourront vous \u00eatre refus\u00e9s si vous d\u00e9cidez de pas communiquer vos donn\u00e9es ou si vous demandez effacement de vos donn\u00e9es personnelles. Vous pouviez aussi demander la limitation du traitement des donn\u00e9es personnelles.<\/p>\n<p style=\"font-weight: 400;\"><strong>5.3 Droit de contestation<\/strong><\/p>\n<p style=\"font-weight: 400;\">Vous pouvez exercer votre droit de contestation dans le cadre du traitement de vos donn\u00e9es personnelles, si vous estimez qu\u2019il existe de s\u00e9rieuses et l\u00e9gitimes raisons. En outre vous avez toujours le droit de contester l\u2019utilisation de vos donn\u00e9es personnelles pour des fin de marketing direct; dans ce cas vous n\u2019\u00eates pas oblig\u00e9 de vous justifier.<\/p>\n<p style=\"font-weight: 400;\"><strong>5.4 Droit de transmission de donn\u00e9es\u00a0<\/strong><\/p>\n<p style=\"font-weight: 400;\">Vous pouvez exercer le droit \u00e0 la portabilit\u00e9 des donn\u00e9es personnelles dans un format structur\u00e9, couramment utilis\u00e9 et lisible par machine et\/ou de transf\u00e9rer ces donn\u00e9es \u00e0 un autre responsable.<\/p>\n<p style=\"font-weight: 400;\"><strong>5.5 Droit de retirer votre consentement\u00a0<\/strong><\/p>\n<p style=\"font-weight: 400;\">Si le traitement est bas\u00e9 sur le consentement pr\u00e9alable, vous pouvez exercer le droit de retirer ce consentement.<\/p>\n<p style=\"font-weight: 400;\"><strong>5.6 Exercice de vos droits\u00a0<\/strong><\/p>\n<p style=\"font-weight: 400;\">Vous pouvez exercer vos droits par nous contacter, soit via e-mail \u00e0 info@becom.digital soit par correspondance \u00e0 Becom (Rue du Marquis 1 , 1000 Bruxelles) ou par le lien \u2018Contact\u2019 sur le site internet, si vous ajoutez une copie de votre carte d\u2019identit\u00e9.<\/p>\n<p style=\"font-weight: 400;\"><strong>5.7 D\u00e9cisions automatis\u00e9es et profiling\u00a0<\/strong><\/p>\n<p style=\"font-weight: 400;\">La traitement de vos donn\u00e9es personnelles ne comprend pas du profiling, ni sont ces donn\u00e9es soumis \u00e0 des d\u00e9cisions automatis\u00e9es.<\/p>\n<p style=\"font-weight: 400;\"><strong>5.8 Droit d\u2019introduire une r\u00e9clamation\u00a0<\/strong><\/p>\n<p style=\"font-weight: 400;\">Vous pouvez exercer votre droit d\u2019introduire une r\u00e9clamation aupr\u00e8s de la Commission de la protection de la vie priv\u00e9e: rue de la Presse 35, 1000 Bruxelles au num\u00e9ro de t\u00e9l\u00e9phone suivant : +32 (0)2\/274.48.00 Fax +32 (0)2 274 48 35 ou par e-mail \u00e0 l\u2019adresse suivante: commission@privacycommission.be.<\/p>\n<p style=\"font-weight: 400;\">Si vous avez subi un pr\u00e9judice \u00e0 cause du traitement de vos donn\u00e9es personnelles vous pouvez introduire une demande de dommages-int\u00e9r\u00eats aux tribunaux civils.<\/p>\n<p>[\/vc_column_text][\/vc_column][\/vc_row][vc_row][vc_column width=&#8221;1\/1&#8243;]<div class=\"spacer\" style=\"height: 40px;\"><\/div>[\/vc_column][\/vc_row][vc_row][vc_column width=&#8221;1\/1&#8243;][vc_column_text]<\/p>\n<h3>6. S\u00e9curit\u00e9 et confidentialit\u00e9<\/h3>\n<p>[\/vc_column_text][\/vc_column][\/vc_row][vc_row][vc_column width=&#8221;1\/1&#8243;][vc_column_text]<\/p>\n<p style=\"font-weight: 400;\">6.1. Nous avons d\u00e9velopp\u00e9 des r\u00e8gles de s\u00e9curit\u00e9 adapt\u00e9es sur le plan technique et organisationnel afin d\u2019\u00e9viter la destruction, la perte, la falsification, la modification, l\u2019acc\u00e8s interdit, la communication par erreur \u00e0 des tiers ainsi que tout autre traitement non autoris\u00e9 des donn\u00e9es personnelles collect\u00e9es.<\/p>\n<p style=\"font-weight: 400;\">6.2. Nous ne pouvons en aucun cas \u00eatre tenu responsable pour tout dommage direct ou indirect r\u00e9sultant d\u2019une manipulation fautive ou ill\u00e9gitime commises par des tiers sur les donn\u00e9es personnelles.<\/p>\n<p style=\"font-weight: 400;\">6.3. Vous devez \u00e0 tout moment respecter les r\u00e9gl\u00e9s de s\u00e9curit\u00e9, entre autre par pr\u00e9venir acc\u00e8s non-autoris\u00e9 de votre login et mots de passe. Vous \u00eates seulement responsable de l\u2019usage fait du site web de votre ordinateur, vos donn\u00e9es personnelles, vos donn\u00e9es d\u2019identification ou votre adresse IP, ainsi que de leur confidentialit\u00e9.<\/p>\n<p>[\/vc_column_text][\/vc_column][\/vc_row][vc_row][vc_column width=&#8221;1\/1&#8243;]<div class=\"spacer\" style=\"height: 40px;\"><\/div>[\/vc_column][\/vc_row][vc_row][vc_column width=&#8221;1\/1&#8243;][vc_column_text]<\/p>\n<h3>7. L\u2019acc\u00e8s des tiers<\/h3>\n<p>[\/vc_column_text][\/vc_column][\/vc_row][vc_row][vc_column width=&#8221;1\/1&#8243;][vc_column_text]<\/p>\n<p style=\"font-weight: 400;\">7.1 Afin de traiter vos donn\u00e9es personnelles, Becom donne acc\u00e8s \u00e0 vos donn\u00e9es \u00e0 ses employ\u00e9s.<\/p>\n<p style=\"font-weight: 400;\">7.2 On garantit un niveau de s\u00e9curit\u00e9 semblable par appliquer des obligations contractuelles \u00e0 ses employ\u00e9s similaires \u00e0 ceux d\u00e9crit dans ces R\u00e8gles de la vie priv\u00e9e.<\/p>\n<p>[\/vc_column_text][\/vc_column][\/vc_row][vc_row][vc_column width=&#8221;1\/1&#8243;]<div class=\"spacer\" style=\"height: 40px;\"><\/div>[\/vc_column][\/vc_row][vc_row][vc_column width=&#8221;1\/1&#8243;][vc_column_text]<\/p>\n<h3>8. Cookies<\/h3>\n<p>[\/vc_column_text][\/vc_column][\/vc_row][vc_row][vc_column width=&#8221;1\/1&#8243;][vc_column_text]<\/p>\n<p style=\"font-weight: 400;\"><strong>8.1 Qu\u2019est-ce qu\u2019un cookie?\u00a0<\/strong><\/p>\n<p style=\"font-weight: 400;\">Un \u201ccookie\u201d est un petit fichier compos\u00e9 de lettres et de chiffres stock\u00e9 dans votre navigateur ou sur le disque dur de votre ordinateur. Ainsi nous pouvons nous rappeler de vos pr\u00e9f\u00e9rences lors de l\u2019utilisation de notre site Internet. Sauf si vous avez choisi de ne pas accepter des cookies dans les param\u00e8tres de votre navigateur, notre syst\u00e8me placera des cookies automatiquement lors de votre visite \u00e0 notre site.<\/p>\n<p style=\"font-weight: 400;\"><strong>8.2 Notre utilisation des Cookies\u00a0<\/strong><\/p>\n<p style=\"font-weight: 400;\">Notre site Internet utilise des cookies et des technologies similaires pour distinguer vos pr\u00e9f\u00e9rences d\u2019utilisation de celle des autres utilisateurs de notre site Internet. Cela nous aide \u00e0 vous offrir une meilleure exp\u00e9rience lors de votre visite sur notre site Internet et nous permet d\u2019optimaliser ce dernier. En raison de changements r\u00e9cents dans la l\u00e9gislation, tous les sites Internet qui op\u00e8rent dans certaines parties de l\u2019Union europ\u00e9enne sont tenus d\u2019obtenir votre consentement pour utiliser ou de stocker des cookies et autres technologies similaires sur vos ordinateurs ou p\u00e9riph\u00e9riques mobiles. La pr\u00e9sente cookie policy a pour but de vous donner une information aussi claire et compl\u00e8te que possible sur les cookies que nous utilisons et leur finalit\u00e9.<\/p>\n<p style=\"font-weight: 400;\"><strong>8.3 Types de cookies\u00a0<\/strong><\/p>\n<p style=\"font-weight: 400;\">Les cookies peuvent \u00eatre subdivis\u00e9s en cat\u00e9gories selon leur origine, leur fonction et leur dur\u00e9e de vie. La l\u00e9gislation a fait la distinction principalement entre les cookies fonctionnelle ou cookies d\u2019une n\u00e9cessit\u00e9 technique d\u2019une parte, et tous les autres cookies de l\u2019autre.<\/p>\n<p style=\"font-weight: 400;\">Le site web utilise exclusivement les cookies suivante :<\/p>\n<p style=\"font-weight: 400;\">LINK<\/p>\n<p style=\"font-weight: 400;\">* Pour les cookies plac\u00e9s par des tiers (p. ex. Google ), nous vous invitons \u00e0 consulter les d\u00e9clarations que ces parties ont plac\u00e9es sur leur sites Internet respectifs (voir hyperliens ci-dessus). Attention: nous ne pouvons exercer aucune influence sur le contenu de ces d\u00e9clarations, ni sur le contenu des cookies de ces tiers.<\/p>\n<p style=\"font-weight: 400;\"><strong>8.4 Votre consentement\u00a0<\/strong><\/p>\n<p style=\"font-weight: 400;\">Lors de votre premi\u00e8re visite sur notre site Internet, nous vous demandons de consentir \u00e0 l\u2019usage des cookies. Vous pouvez, cat\u00e9gorie par cat\u00e9gorie, d\u00e9cider d\u2019accepter ou de refuser les cookies. Vous pouvez \u00e0 tout moment modifier les cookie param\u00e8tres pour ce site web via le lien en bas de notre site et retirer votre consentement.<\/p>\n<p style=\"font-weight: 400;\">Vous pouvez refuser l\u2019installation des cookies par choisir l\u2019option \u00ab Refuser cookies \u00bb dans l\u2019\u00e9cran pop-up \u00e0 la premi\u00e8re utilisation de la site internet. Vous pouvez refuser ou bloquer cookies par modifier les param\u00e8tres de configuration de votre syst\u00e8me de navigation. Vous devez cependant savoir que certains fonctions du site internet pourront vous \u00eatre refus\u00e9s si vous d\u00e9cidez de refuser des cookies.<\/p>\n<p style=\"font-weight: 400;\">Si vous avez encore des remarques ou questions en regard du traitement de vos donn\u00e9es personnelles, ne h\u00e9sitez pas \u00e0 nous contacter, soit par e-mail \u00e0 info@Becom, soit par correspondance \u00e0 Becom, Rue Marquis 1, 1000 Bruxelles ou par le lien \u00ab Contact \u00bb sur le site internet.<\/p>\n<p style=\"font-weight: 400;\">Le site Internet http:\/\/www.allaboutcookies.org\/ vous fournit plus de d\u00e9tails sur le fonctionnement des cookies.<\/p>\n<p style=\"font-weight: 400;\">Le site Internet http:\/\/www.youronlinechoices.eu\/ vous fournit plus d\u2019information sur behavioural advertising et online privacy.<\/p>\n<p style=\"font-weight: 400;\">Au cours de votre visite du site de Becom, lorsque vous entrez dans la partie r\u00e9serv\u00e9e aux membres en introduisant un login et mot de passe, nous pouvons stocker des informations sur votre ordinateur sous forme de Cookie ou d\u2019un fichier semblable. Ces informations nous permettent de vous offrir un meilleur service en nous renseignant sur la langue choisie pour le site.<\/p>\n<p style=\"font-weight: 400;\">Vous pouvez, sur la plupart des navigateurs Internet, supprimer les Cookies de votre disque dur, bloquer ces derniers ou demander qu\u2019on vous signale leur pr\u00e9sence avant qu\u2019ils ne soient m\u00e9moris\u00e9s. Pour en savoir plus sur ces fonctions, consultez les instructions affich\u00e9es sur l\u2019\u00e9cran d\u2019informations de votre navigateur.<\/p>\n<p>[\/vc_column_text][vc_raw_html]JTNDc2NyaXB0JTIwaWQlM0QlMjJDb29raWVEZWNsYXJhdGlvbiUyMiUyMHNyYyUzRCUyMmh0dHBzJTNBJTJGJTJGY29uc2VudC5jb29raWVib3QuY29tJTJGYmQzM2ZlYTUtNTBjNy00MjYxLTg1MTktYzQ3OTg3YmRiNzAwJTJGY2QuanMlMjIlMjB0eXBlJTNEJTIydGV4dCUyRmphdmFzY3JpcHQlMjIlMjBhc3luYyUzRSUzQyUyRnNjcmlwdCUzRQ==[\/vc_raw_html][vc_column_text]* Pour les cookies plac\u00e9s par des tiers (p. ex. Google Analytics), nous vous invitons \u00e0 consulter les d\u00e9clarations que ces parties ont plac\u00e9es sur leur sites Internet respectifs (voir hyperliens ci-dessus). Attention: nous ne pouvons exercer aucune influence sur le contenu de ces d\u00e9clarations, ni sur le contenu des cookies de ces tiers.[\/vc_column_text][vc_column_text]<strong>8.4 Votre consentement <\/strong><\/p>\n<p>Lors de votre premi\u00e8re visite sur notre site Internet, nous vous demandons de consentir \u00e0 l\u2019usage des cookies. Vous pouvez, cat\u00e9gorie par cat\u00e9gorie, d\u00e9cider d\u2019accepter ou de refuser les cookies. Vous pouvez \u00e0 tout moment modifier les cookie param\u00e8tres pour ce site web via le lien en bas de notre site et retirer votre consentement.<\/p>\n<p>Vous pouvez refuser l\u2019installation des cookies par choisir l\u2019option \u00ab Refuser cookies \u00bb dans l\u2019\u00e9cran pop-up \u00e0 la premi\u00e8re utilisation de la site internet. Vous pouvez refuser ou bloquer cookies par modifier les param\u00e8tres de configuration de votre syst\u00e8me de navigation. Vous devez cependant savoir que certains fonctions du site internet pourront vous \u00eatre refus\u00e9s si vous d\u00e9cidez de refuser des cookies.<\/p>\n<p>Si vous avez encore des remarques ou questions en regard du traitement de vos donn\u00e9es personnelles, ne h\u00e9sitez pas \u00e0 nous contacter, soit par e-mail \u00e0 info@becom.digital, soit par correspondance \u00e0 Becom, Rue Marquis 1, 1000 Bruxelles, ou par le lien \u00ab Contact \u00bb sur le site internet.<\/p>\n<p>Le site Internet http:\/\/www.allaboutcookies.org\/ vous fournit plus de d\u00e9tails sur le fonctionnement des cookies.<\/p>\n<p>Le site Internet http:\/\/www.youronlinechoices.eu\/ vous fournit plus d\u2019information sur behavioural advertising et online privacy.<\/p>\n<p>Au cours de votre visite du site de Becom, lorsque vous entrez dans la partie r\u00e9serv\u00e9e aux membres en introduisant un login et mot de passe, nous pouvons stocker des informations sur votre ordinateur sous forme de Cookie ou d\u2019un fichier semblable. Ces informations nous permettent de vous offrir un meilleur service en nous renseignant sur la langue choisie pour le site.<\/p>\n<p>Vous pouvez, sur la plupart des navigateurs Internet, supprimer les Cookies de votre disque dur, bloquer ces derniers ou demander qu\u2019on vous signale leur pr\u00e9sence avant qu\u2019ils ne soient m\u00e9moris\u00e9s. Pour en savoir plus sur ces fonctions, consultez les instructions affich\u00e9es sur l\u2019\u00e9cran d\u2019informations de votre navigateur.[\/vc_column_text][\/vc_column][\/vc_row][vc_row][vc_column width=&#8221;1\/1&#8243;]<div class=\"spacer\" style=\"height: 40px;\"><\/div>[\/vc_column][\/vc_row][vc_row][vc_column width=&#8221;1\/1&#8243;][vc_column_text]<\/p>\n<h3>9. Comment contacter Becom ?<\/h3>\n<p>[\/vc_column_text][\/vc_column][\/vc_row][vc_row][vc_column width=&#8221;1\/1&#8243;][vc_column_text]<\/p>\n<p style=\"font-weight: 400;\">Becom asbl<br \/>\nRue du Marquis 1<br \/>\n1000 Bruxelles<br \/>\nBelgique<\/p>\n<p style=\"font-weight: 400;\">Tel : +32 2 588 18 88<br \/>\nEmail : info@becom.digital<br \/>\nNotre num\u00e9ro d\u2019entreprise : BE0894.199.943<\/p>\n<p>[\/vc_column_text]<div class=\"spacer\" style=\"height: 15px;\"><\/div>[\/vc_column][\/vc_row]<\/p>\n<\/div>","protected":false},"excerpt":{"rendered":"<p>[vc_row][vc_column width=&#8221;1\/1&#8243;][vc_column_text] Politique de Protection de la Vie Priv\u00e9e Version 20\/10\/2023 [\/vc_column_text][\/vc_column][\/vc_row][vc_row][vc_column width=&#8221;1\/1&#8243;][vc_column_text] 1. G\u00e9n\u00e9ralit\u00e9s [\/vc_column_text][\/vc_column][\/vc_row][vc_row][vc_column width=&#8221;1\/1&#8243;][vc_column_text] Ce document d\u00e9crit comment le responsable du traitement des donn\u00e9es personnelles, asbl Becommerce\u00a0 , ayant son si\u00e8ge social rue du Marquis 1, 1000 Bruxelles, n\u00b0 d\u2019entreprise BE0894.199.943, traite vos donn\u00e9es \u00e0 caract\u00e8re personnel. (ci-apr\u00e8s \u2018Becom\u2019) Lisez attentivement ces r\u00e8gles de protection de la vie priv\u00e9e, celles-ci pr\u00e9sentent les principales informations concernant la mani\u00e8re dans laquelle vos donn\u00e9es personnelles sont trait\u00e9es et les types de cookies utilis\u00e9s. Communication de vos donn\u00e9es personnelles sur le site web (www.becom.digital ou www.thedays.be (ecowednesday\/localday) ou le shop Becom ou sur les adresses e-mail indiqu\u00e9 sur ce site impliquent automatiquement la prise de connaissance et l\u2019acceptation express de ces r\u00e8gles de protection de la vie priv\u00e9e, ainsi qu\u2019avec le traitement lui-m\u00eame. Becom respecte et prot\u00e8ge votre vie priv\u00e9e. Ses fichiers sont d\u00e9clar\u00e9s \u00e0 la Commission pour la Protection de la Vie Priv\u00e9e. La pr\u00e9sente police \u00ab vie priv\u00e9e \u00bb expose comment Becom collecte et utilise vos donn\u00e9es. Elle vous informe, en outre, du proc\u00e9d\u00e9 \u00e0 suivre si vous souhaitez v\u00e9rifier quelles sont les donn\u00e9es que nous avons enregistr\u00e9es \u00e0 votre sujet et comment demander \u00e0 les corriger ou m\u00eame [&hellip;]<\/p>\n","protected":false},"author":17,"featured_media":50981,"parent":0,"menu_order":0,"comment_status":"closed","ping_status":"closed","template":"","meta":{"_EventAllDay":false,"_EventTimezone":"","_EventStartDate":"","_EventEndDate":"","_EventStartDateUTC":"","_EventEndDateUTC":"","_EventShowMap":false,"_EventShowMapLink":false,"_EventURL":"","_EventCost":"","_EventCostDescription":"","_EventCurrencySymbol":"","_EventCurrencyCode":"","_EventCurrencyPosition":"","_EventDateTimeSeparator":"","_EventTimeRangeSeparator":"","_EventOrganizerID":[],"_EventVenueID":[],"_OrganizerEmail":"","_OrganizerPhone":"","_OrganizerWebsite":"","_VenueAddress":"","_VenueCity":"","_VenueCountry":"","_VenueProvince":"","_VenueState":"","_VenueZip":"","_VenuePhone":"","_VenueURL":"","_VenueStateProvince":"","_VenueLat":"","_VenueLng":"","_VenueShowMap":false,"_VenueShowMapLink":false,"footnotes":""},"test-katrien1":[],"class_list":["post-43892","page","type-page","status-publish","has-post-thumbnail","hentry"],"yoast_head":"<!-- This site is optimized with the Yoast SEO plugin v26.4 - https:\/\/yoast.com\/wordpress\/plugins\/seo\/ -->\n<title>Politique de Protection de la Vie Priv\u00e9e - Becom<\/title>\n<meta name=\"robots\" content=\"index, follow, max-snippet:-1, max-image-preview:large, max-video-preview:-1\" \/>\n<link rel=\"canonical\" href=\"https:\/\/becom.digital\/fr\/vie-privee\/\" \/>\n<meta property=\"og:locale\" content=\"fr_FR\" \/>\n<meta property=\"og:type\" content=\"article\" \/>\n<meta property=\"og:title\" content=\"Politique de Protection de la Vie Priv\u00e9e - Becom\" \/>\n<meta property=\"og:description\" content=\"[vc_row][vc_column width=&#8221;1\/1&#8243;][vc_column_text] Politique de Protection de la Vie Priv\u00e9e Version 20\/10\/2023 [\/vc_column_text][\/vc_column][\/vc_row][vc_row][vc_column width=&#8221;1\/1&#8243;][vc_column_text] 1. G\u00e9n\u00e9ralit\u00e9s [\/vc_column_text][\/vc_column][\/vc_row][vc_row][vc_column width=&#8221;1\/1&#8243;][vc_column_text] Ce document d\u00e9crit comment le responsable du traitement des donn\u00e9es personnelles, asbl Becommerce\u00a0 , ayant son si\u00e8ge social rue du Marquis 1, 1000 Bruxelles, n\u00b0 d\u2019entreprise BE0894.199.943, traite vos donn\u00e9es \u00e0 caract\u00e8re personnel. (ci-apr\u00e8s \u2018Becom\u2019) Lisez attentivement ces r\u00e8gles de protection de la vie priv\u00e9e, celles-ci pr\u00e9sentent les principales informations concernant la mani\u00e8re dans laquelle vos donn\u00e9es personnelles sont trait\u00e9es et les types de cookies utilis\u00e9s. Communication de vos donn\u00e9es personnelles sur le site web (www.becom.digital ou www.thedays.be (ecowednesday\/localday) ou le shop Becom ou sur les adresses e-mail indiqu\u00e9 sur ce site impliquent automatiquement la prise de connaissance et l\u2019acceptation express de ces r\u00e8gles de protection de la vie priv\u00e9e, ainsi qu\u2019avec le traitement lui-m\u00eame. Becom respecte et prot\u00e8ge votre vie priv\u00e9e. Ses fichiers sont d\u00e9clar\u00e9s \u00e0 la Commission pour la Protection de la Vie Priv\u00e9e. La pr\u00e9sente police \u00ab vie priv\u00e9e \u00bb expose comment Becom collecte et utilise vos donn\u00e9es. Elle vous informe, en outre, du proc\u00e9d\u00e9 \u00e0 suivre si vous souhaitez v\u00e9rifier quelles sont les donn\u00e9es que nous avons enregistr\u00e9es \u00e0 votre sujet et comment demander \u00e0 les corriger ou m\u00eame [&hellip;]\" \/>\n<meta property=\"og:url\" content=\"https:\/\/becom.digital\/fr\/vie-privee\/\" \/>\n<meta property=\"og:site_name\" content=\"Becom\" \/>\n<meta property=\"article:publisher\" content=\"https:\/\/www.facebook.com\/Becomdigitalfederation\/\" \/>\n<meta property=\"article:modified_time\" content=\"2026-03-26T08:58:08+00:00\" \/>\n<meta property=\"og:image\" content=\"https:\/\/becom.digital\/app\/uploads\/2023\/10\/Digital-wings-1.png\" \/>\n\t<meta property=\"og:image:width\" content=\"1200\" \/>\n\t<meta property=\"og:image:height\" content=\"628\" \/>\n\t<meta property=\"og:image:type\" content=\"image\/png\" \/>\n<meta name=\"twitter:card\" content=\"summary_large_image\" \/>\n<meta name=\"twitter:site\" content=\"@becomdigital\" \/>\n<meta name=\"twitter:label1\" content=\"Est. reading time\" \/>\n\t<meta name=\"twitter:data1\" content=\"14 minutes\" \/>\n<script type=\"application\/ld+json\" class=\"yoast-schema-graph\">{\"@context\":\"https:\/\/schema.org\",\"@graph\":[{\"@type\":\"WebPage\",\"@id\":\"https:\/\/becom.digital\/fr\/vie-privee\/\",\"url\":\"https:\/\/becom.digital\/fr\/vie-privee\/\",\"name\":\"Politique de Protection de la Vie Priv\u00e9e - Becom\",\"isPartOf\":{\"@id\":\"https:\/\/becom.digital\/fr\/#website\"},\"primaryImageOfPage\":{\"@id\":\"https:\/\/becom.digital\/fr\/vie-privee\/#primaryimage\"},\"image\":{\"@id\":\"https:\/\/becom.digital\/fr\/vie-privee\/#primaryimage\"},\"thumbnailUrl\":\"https:\/\/becom.digital\/app\/uploads\/2023\/10\/Digital-wings-1.png\",\"datePublished\":\"2022-08-05T04:41:57+00:00\",\"dateModified\":\"2026-03-26T08:58:08+00:00\",\"breadcrumb\":{\"@id\":\"https:\/\/becom.digital\/fr\/vie-privee\/#breadcrumb\"},\"inLanguage\":\"fr-FR\",\"potentialAction\":[{\"@type\":\"ReadAction\",\"target\":[\"https:\/\/becom.digital\/fr\/vie-privee\/\"]}]},{\"@type\":\"ImageObject\",\"inLanguage\":\"fr-FR\",\"@id\":\"https:\/\/becom.digital\/fr\/vie-privee\/#primaryimage\",\"url\":\"https:\/\/becom.digital\/app\/uploads\/2023\/10\/Digital-wings-1.png\",\"contentUrl\":\"https:\/\/becom.digital\/app\/uploads\/2023\/10\/Digital-wings-1.png\",\"width\":1200,\"height\":628,\"caption\":\"kwaliteitslabel - opleidingen - representatie - studies - labs - ecommerce\"},{\"@type\":\"BreadcrumbList\",\"@id\":\"https:\/\/becom.digital\/fr\/vie-privee\/#breadcrumb\",\"itemListElement\":[{\"@type\":\"ListItem\",\"position\":1,\"name\":\"Home\",\"item\":\"https:\/\/becom.digital\/fr\/\"},{\"@type\":\"ListItem\",\"position\":2,\"name\":\"Politique de Protection de la Vie Priv\u00e9e\"}]},{\"@type\":\"WebSite\",\"@id\":\"https:\/\/becom.digital\/fr\/#website\",\"url\":\"https:\/\/becom.digital\/fr\/\",\"name\":\"Becom\",\"description\":\"Your digital wings\",\"publisher\":{\"@id\":\"https:\/\/becom.digital\/fr\/#organization\"},\"potentialAction\":[{\"@type\":\"SearchAction\",\"target\":{\"@type\":\"EntryPoint\",\"urlTemplate\":\"https:\/\/becom.digital\/fr\/?s={search_term_string}\"},\"query-input\":{\"@type\":\"PropertyValueSpecification\",\"valueRequired\":true,\"valueName\":\"search_term_string\"}}],\"inLanguage\":\"fr-FR\"},{\"@type\":\"Organization\",\"@id\":\"https:\/\/becom.digital\/fr\/#organization\",\"name\":\"Becom\",\"url\":\"https:\/\/becom.digital\/fr\/\",\"logo\":{\"@type\":\"ImageObject\",\"inLanguage\":\"fr-FR\",\"@id\":\"https:\/\/becom.digital\/fr\/#\/schema\/logo\/image\/\",\"url\":\"https:\/\/becom.digital\/app\/uploads\/2023\/10\/Becom_logo_POS_basic-3-e1697538309895.png\",\"contentUrl\":\"https:\/\/becom.digital\/app\/uploads\/2023\/10\/Becom_logo_POS_basic-3-e1697538309895.png\",\"width\":200,\"height\":72,\"caption\":\"Becom\"},\"image\":{\"@id\":\"https:\/\/becom.digital\/fr\/#\/schema\/logo\/image\/\"},\"sameAs\":[\"https:\/\/www.facebook.com\/Becomdigitalfederation\/\",\"https:\/\/x.com\/becomdigital\",\"https:\/\/www.linkedin.com\/company\/becomfederation\/\",\"https:\/\/www.instagram.com\/becomfederation\/\",\"https:\/\/www.youtube.com\/@becom-federation\",\"https:\/\/open.spotify.com\/show\/0oBItlT3FIpj6AxEqllkta\"]}]}<\/script>\n<!-- \/ Yoast SEO plugin. -->","yoast_head_json":{"title":"Politique de Protection de la Vie Priv\u00e9e - Becom","robots":{"index":"index","follow":"follow","max-snippet":"max-snippet:-1","max-image-preview":"max-image-preview:large","max-video-preview":"max-video-preview:-1"},"canonical":"https:\/\/becom.digital\/fr\/vie-privee\/","og_locale":"fr_FR","og_type":"article","og_title":"Politique de Protection de la Vie Priv\u00e9e - Becom","og_description":"[vc_row][vc_column width=&#8221;1\/1&#8243;][vc_column_text] Politique de Protection de la Vie Priv\u00e9e Version 20\/10\/2023 [\/vc_column_text][\/vc_column][\/vc_row][vc_row][vc_column width=&#8221;1\/1&#8243;][vc_column_text] 1. G\u00e9n\u00e9ralit\u00e9s [\/vc_column_text][\/vc_column][\/vc_row][vc_row][vc_column width=&#8221;1\/1&#8243;][vc_column_text] Ce document d\u00e9crit comment le responsable du traitement des donn\u00e9es personnelles, asbl Becommerce\u00a0 , ayant son si\u00e8ge social rue du Marquis 1, 1000 Bruxelles, n\u00b0 d\u2019entreprise BE0894.199.943, traite vos donn\u00e9es \u00e0 caract\u00e8re personnel. (ci-apr\u00e8s \u2018Becom\u2019) Lisez attentivement ces r\u00e8gles de protection de la vie priv\u00e9e, celles-ci pr\u00e9sentent les principales informations concernant la mani\u00e8re dans laquelle vos donn\u00e9es personnelles sont trait\u00e9es et les types de cookies utilis\u00e9s. Communication de vos donn\u00e9es personnelles sur le site web (www.becom.digital ou www.thedays.be (ecowednesday\/localday) ou le shop Becom ou sur les adresses e-mail indiqu\u00e9 sur ce site impliquent automatiquement la prise de connaissance et l\u2019acceptation express de ces r\u00e8gles de protection de la vie priv\u00e9e, ainsi qu\u2019avec le traitement lui-m\u00eame. Becom respecte et prot\u00e8ge votre vie priv\u00e9e. Ses fichiers sont d\u00e9clar\u00e9s \u00e0 la Commission pour la Protection de la Vie Priv\u00e9e. La pr\u00e9sente police \u00ab vie priv\u00e9e \u00bb expose comment Becom collecte et utilise vos donn\u00e9es. Elle vous informe, en outre, du proc\u00e9d\u00e9 \u00e0 suivre si vous souhaitez v\u00e9rifier quelles sont les donn\u00e9es que nous avons enregistr\u00e9es \u00e0 votre sujet et comment demander \u00e0 les corriger ou m\u00eame [&hellip;]","og_url":"https:\/\/becom.digital\/fr\/vie-privee\/","og_site_name":"Becom","article_publisher":"https:\/\/www.facebook.com\/Becomdigitalfederation\/","article_modified_time":"2026-03-26T08:58:08+00:00","og_image":[{"width":1200,"height":628,"url":"https:\/\/becom.digital\/app\/uploads\/2023\/10\/Digital-wings-1.png","type":"image\/png"}],"twitter_card":"summary_large_image","twitter_site":"@becomdigital","twitter_misc":{"Est. reading time":"14 minutes"},"schema":{"@context":"https:\/\/schema.org","@graph":[{"@type":"WebPage","@id":"https:\/\/becom.digital\/fr\/vie-privee\/","url":"https:\/\/becom.digital\/fr\/vie-privee\/","name":"Politique de Protection de la Vie Priv\u00e9e - Becom","isPartOf":{"@id":"https:\/\/becom.digital\/fr\/#website"},"primaryImageOfPage":{"@id":"https:\/\/becom.digital\/fr\/vie-privee\/#primaryimage"},"image":{"@id":"https:\/\/becom.digital\/fr\/vie-privee\/#primaryimage"},"thumbnailUrl":"https:\/\/becom.digital\/app\/uploads\/2023\/10\/Digital-wings-1.png","datePublished":"2022-08-05T04:41:57+00:00","dateModified":"2026-03-26T08:58:08+00:00","breadcrumb":{"@id":"https:\/\/becom.digital\/fr\/vie-privee\/#breadcrumb"},"inLanguage":"fr-FR","potentialAction":[{"@type":"ReadAction","target":["https:\/\/becom.digital\/fr\/vie-privee\/"]}]},{"@type":"ImageObject","inLanguage":"fr-FR","@id":"https:\/\/becom.digital\/fr\/vie-privee\/#primaryimage","url":"https:\/\/becom.digital\/app\/uploads\/2023\/10\/Digital-wings-1.png","contentUrl":"https:\/\/becom.digital\/app\/uploads\/2023\/10\/Digital-wings-1.png","width":1200,"height":628,"caption":"kwaliteitslabel - opleidingen - representatie - studies - labs - ecommerce"},{"@type":"BreadcrumbList","@id":"https:\/\/becom.digital\/fr\/vie-privee\/#breadcrumb","itemListElement":[{"@type":"ListItem","position":1,"name":"Home","item":"https:\/\/becom.digital\/fr\/"},{"@type":"ListItem","position":2,"name":"Politique de Protection de la Vie Priv\u00e9e"}]},{"@type":"WebSite","@id":"https:\/\/becom.digital\/fr\/#website","url":"https:\/\/becom.digital\/fr\/","name":"Becom","description":"Your digital wings","publisher":{"@id":"https:\/\/becom.digital\/fr\/#organization"},"potentialAction":[{"@type":"SearchAction","target":{"@type":"EntryPoint","urlTemplate":"https:\/\/becom.digital\/fr\/?s={search_term_string}"},"query-input":{"@type":"PropertyValueSpecification","valueRequired":true,"valueName":"search_term_string"}}],"inLanguage":"fr-FR"},{"@type":"Organization","@id":"https:\/\/becom.digital\/fr\/#organization","name":"Becom","url":"https:\/\/becom.digital\/fr\/","logo":{"@type":"ImageObject","inLanguage":"fr-FR","@id":"https:\/\/becom.digital\/fr\/#\/schema\/logo\/image\/","url":"https:\/\/becom.digital\/app\/uploads\/2023\/10\/Becom_logo_POS_basic-3-e1697538309895.png","contentUrl":"https:\/\/becom.digital\/app\/uploads\/2023\/10\/Becom_logo_POS_basic-3-e1697538309895.png","width":200,"height":72,"caption":"Becom"},"image":{"@id":"https:\/\/becom.digital\/fr\/#\/schema\/logo\/image\/"},"sameAs":["https:\/\/www.facebook.com\/Becomdigitalfederation\/","https:\/\/x.com\/becomdigital","https:\/\/www.linkedin.com\/company\/becomfederation\/","https:\/\/www.instagram.com\/becomfederation\/","https:\/\/www.youtube.com\/@becom-federation","https:\/\/open.spotify.com\/show\/0oBItlT3FIpj6AxEqllkta"]}]}},"_links":{"self":[{"href":"https:\/\/becom.digital\/fr\/wp-json\/wp\/v2\/pages\/43892","targetHints":{"allow":["GET"]}}],"collection":[{"href":"https:\/\/becom.digital\/fr\/wp-json\/wp\/v2\/pages"}],"about":[{"href":"https:\/\/becom.digital\/fr\/wp-json\/wp\/v2\/types\/page"}],"author":[{"embeddable":true,"href":"https:\/\/becom.digital\/fr\/wp-json\/wp\/v2\/users\/17"}],"replies":[{"embeddable":true,"href":"https:\/\/becom.digital\/fr\/wp-json\/wp\/v2\/comments?post=43892"}],"version-history":[{"count":9,"href":"https:\/\/becom.digital\/fr\/wp-json\/wp\/v2\/pages\/43892\/revisions"}],"predecessor-version":[{"id":64951,"href":"https:\/\/becom.digital\/fr\/wp-json\/wp\/v2\/pages\/43892\/revisions\/64951"}],"wp:featuredmedia":[{"embeddable":true,"href":"https:\/\/becom.digital\/fr\/wp-json\/wp\/v2\/media\/50981"}],"wp:attachment":[{"href":"https:\/\/becom.digital\/fr\/wp-json\/wp\/v2\/media?parent=43892"}],"wp:term":[{"taxonomy":"test-katrien1","embeddable":true,"href":"https:\/\/becom.digital\/fr\/wp-json\/wp\/v2\/test-katrien1?post=43892"}],"curies":[{"name":"wp","href":"https:\/\/api.w.org\/{rel}","templated":true}]}}